{"id":2,"date":"2019-11-20T18:25:16","date_gmt":"2019-11-20T17:25:16","guid":{"rendered":"http:\/\/www.sousdomaine1.altern-actif.fr\/?page_id=2"},"modified":"2019-11-24T18:29:14","modified_gmt":"2019-11-24T17:29:14","slug":"page-d-exemple","status":"publish","type":"page","link":"http:\/\/www.sousdomaine1.altern-actif.fr\/","title":{"rendered":"Pr\u00e9sentation"},"content":{"rendered":"\n<p>&nbsp;&nbsp;&nbsp;&nbsp; L\u2019association EM-Project, pour <em>Eco-Mobility Project<\/em>, est une association d\u00e9di\u00e9e \u00e0 la mobilit\u00e9 propre. Ses actions sont tourn\u00e9es vers la proposition et la mise en place de concepts d\u2019une mobilit\u00e9 respectueuse de l\u2019environnement. Elle a pour ambition de r\u00e9adapter notre utilisation des transports actuels sans pour autant les rendre plus contraignants ou on\u00e9reux. Elle se positionne sur deux axes&nbsp;:<\/p>\n\n\n\n<ol><li>La  sensibilisation et le retour d\u2019exp\u00e9rience sur les modes de transports<\/li><li>La conception et la mise en circulation de prototypes adapt\u00e9s \u00e0 une mobilit\u00e9      propre et quotidienne<\/li><\/ol>\n\n\n\n<p>&nbsp;&nbsp;&nbsp;&nbsp;&nbsp;&nbsp;&nbsp; La participation des fondateurs\nd\u2019Em-Project aux premi\u00e8res courses de voitures solaires organis\u00e9es en France\npuis ensuite en Europe et \u00e0 l\u2019international, a permis d\u2019accumuler une\nexp\u00e9rience toute particuli\u00e8re dans ce domaine. Parall\u00e8lement, l\u2019\u00e9volution des\ntechnologies, mat\u00e9riaux, syst\u00e8mes de stockage d\u2019\u00e9nergie, donnent enfin les\nperformances n\u00e9cessaires pour entrer dans le monde de l\u2019automobile grand\npublic. C\u2019est ainsi qu\u2019un projet ambitieux est n\u00e9 en 2014, de cr\u00e9er un v\u00e9hicule\nsolaire pour tous.&nbsp; <strong>Polytech Chamb\u00e9ry-Annecy<\/strong> a \u00e9t\u00e9 un acteur majeur avec la\nparticipation de nombreux PFE et permettra d\u2019aboutir en 2018 \u00e0 un prototype\nnum\u00e9rique complet. En m\u00eame temps, un autre partenaire, <strong>Technopolys<\/strong>, a accueilli notre association et mis \u00e0 disposition un\nCzen (v\u00e9hicule \u00e9lectrique) pour tester les choix technologiques et servir\nd\u2019outil de communication pour valider les attentes du grand public autour de ce\nnouveau concept. <\/p>\n\n\n\n<figure class=\"wp-block-image size-large\"><img decoding=\"async\" loading=\"lazy\" width=\"1024\" height=\"705\" src=\"http:\/\/www.sousdomaine1.altern-actif.fr\/wp-content\/uploads\/2019\/11\/3-1024x705.png\" alt=\"\" class=\"wp-image-21\" srcset=\"http:\/\/www.sousdomaine1.altern-actif.fr\/wp-content\/uploads\/2019\/11\/3-1024x705.png 1024w, http:\/\/www.sousdomaine1.altern-actif.fr\/wp-content\/uploads\/2019\/11\/3-300x206.png 300w, http:\/\/www.sousdomaine1.altern-actif.fr\/wp-content\/uploads\/2019\/11\/3-768x529.png 768w, http:\/\/www.sousdomaine1.altern-actif.fr\/wp-content\/uploads\/2019\/11\/3.png 1222w\" sizes=\"(max-width: 767px) 89vw, (max-width: 1000px) 54vw, (max-width: 1071px) 543px, 580px\" \/><\/figure>\n\n\n\n<p style=\"font-size:11px\" class=\"has-text-align-center\">CZEN solaris\u00e9 (vue d\u2019artiste)<\/p>\n","protected":false},"excerpt":{"rendered":"<p>&nbsp;&nbsp;&nbsp;&nbsp; L\u2019association EM-Project, pour Eco-Mobility Project, est une association d\u00e9di\u00e9e \u00e0 la mobilit\u00e9 propre. Ses actions sont tourn\u00e9es vers la proposition et la mise en place de concepts d\u2019une mobilit\u00e9 respectueuse de l\u2019environnement. Elle a pour ambition de r\u00e9adapter notre utilisation des transports actuels sans pour autant les rendre plus contraignants ou on\u00e9reux. Elle se &hellip; <\/p>\n<p class=\"link-more\"><a href=\"http:\/\/www.sousdomaine1.altern-actif.fr\/\" class=\"more-link\">Continue reading<span class=\"screen-reader-text\"> &#8220;Pr\u00e9sentation&#8221;<\/span><\/a><\/p>\n","protected":false},"author":1,"featured_media":0,"parent":0,"menu_order":0,"comment_status":"closed","ping_status":"open","template":"","meta":[],"_links":{"self":[{"href":"http:\/\/www.sousdomaine1.altern-actif.fr\/index.php\/wp-json\/wp\/v2\/pages\/2"}],"collection":[{"href":"http:\/\/www.sousdomaine1.altern-actif.fr\/index.php\/wp-json\/wp\/v2\/pages"}],"about":[{"href":"http:\/\/www.sousdomaine1.altern-actif.fr\/index.php\/wp-json\/wp\/v2\/types\/page"}],"author":[{"embeddable":true,"href":"http:\/\/www.sousdomaine1.altern-actif.fr\/index.php\/wp-json\/wp\/v2\/users\/1"}],"replies":[{"embeddable":true,"href":"http:\/\/www.sousdomaine1.altern-actif.fr\/index.php\/wp-json\/wp\/v2\/comments?post=2"}],"version-history":[{"count":2,"href":"http:\/\/www.sousdomaine1.altern-actif.fr\/index.php\/wp-json\/wp\/v2\/pages\/2\/revisions"}],"predecessor-version":[{"id":22,"href":"http:\/\/www.sousdomaine1.altern-actif.fr\/index.php\/wp-json\/wp\/v2\/pages\/2\/revisions\/22"}],"wp:attachment":[{"href":"http:\/\/www.sousdomaine1.altern-actif.fr\/index.php\/wp-json\/wp\/v2\/media?parent=2"}],"curies":[{"name":"wp","href":"https:\/\/api.w.org\/{rel}","templated":true}]}}